{"id":17400,"date":"2025-04-17T17:27:42","date_gmt":"2025-04-17T20:27:42","guid":{"rendered":"https:\/\/assuntospolemicosdabiblia.com\/novo\/?page_id=17400"},"modified":"2025-04-22T10:15:01","modified_gmt":"2025-04-22T13:15:01","slug":"o-autor","status":"publish","type":"page","link":"https:\/\/assuntospolemicosdabiblia.com\/blog\/o-autor\/","title":{"rendered":"O Autor"},"content":{"rendered":"\t\t<div data-elementor-type=\"wp-page\" data-elementor-id=\"17400\" class=\"elementor elementor-17400\" data-elementor-post-type=\"page\">\n\t\t\t\t<div class=\"elementor-element elementor-element-fe152ec e-flex e-con-boxed wpr-particle-no wpr-jarallax-no wpr-parallax-no wpr-sticky-section-no wpr-equal-height-no e-con e-parent\" data-id=\"fe152ec\" data-element_type=\"container\" data-e-type=\"container\" data-settings=\"{&quot;background_background&quot;:&quot;classic&quot;}\">\n\t\t\t\t\t<div class=\"e-con-inner\">\n\t\t\t\t<div class=\"elementor-element elementor-element-f057ef0 elementor-widget elementor-widget-heading\" data-id=\"f057ef0\" data-element_type=\"widget\" data-e-type=\"widget\" data-widget_type=\"heading.default\">\n\t\t\t\t\t<h1 class=\"elementor-heading-title elementor-size-default\">O Autor<\/h1>\t\t\t\t<\/div>\n\t\t\t\t\t<\/div>\n\t\t\t\t<\/div>\n\t\t<div class=\"elementor-element elementor-element-a5c48ac e-flex e-con-boxed wpr-particle-no wpr-jarallax-no wpr-parallax-no wpr-sticky-section-no wpr-equal-height-no e-con e-parent\" data-id=\"a5c48ac\" data-element_type=\"container\" data-e-type=\"container\">\n\t\t\t\t\t<div class=\"e-con-inner\">\n\t\t\t\t<div class=\"elementor-element elementor-element-664b5df elementor-widget elementor-widget-heading\" data-id=\"664b5df\" data-element_type=\"widget\" data-e-type=\"widget\" data-widget_type=\"heading.default\">\n\t\t\t\t\t<h2 class=\"elementor-heading-title elementor-size-default\">APRESENTA\u00c7\u00c3O<\/h2>\t\t\t\t<\/div>\n\t\t\t\t<div class=\"elementor-element elementor-element-ae604eb elementor-widget elementor-widget-text-editor\" data-id=\"ae604eb\" data-element_type=\"widget\" data-e-type=\"widget\" data-widget_type=\"text-editor.default\">\n\t\t\t\t\t\t\t\t\t<p>Onir Francisco Damas,\u00a0 Oficial do Ex\u00e9rcito (R\/1); Formado em Engenharia pela CEFET \u2013 RJ; Bacharel em Teologia; Poeta e autor do livro \u201cQuanto Tempo Eu Perdi\u201d, uma reflex\u00e3o da Palavra de Deus em forma de versos; Casado e Pai de tr\u00eas filhos.<\/p><p>Como todo ser humano que acredita num Criador, ap\u00f3s longo estudo das Escrituras Sagradas (B\u00edblia) e buscando respostas para o seu Esp\u00edrito sobre a origem de todas as coisas, formulou um mini-tratado Teol\u00f3gico em que presta um relat\u00f3rio de suas descobertas, como ponto de partida para maiores aprofundamentos, ou refuta\u00e7\u00e3o fundamentada.<\/p><p>Em face da impress\u00e3o externada por parte de quem j\u00e1 leu o Livro, ao afirmar que se sentiu fortalecido na f\u00e9 em Deus e aben\u00e7oado, resolveu divulg\u00e1-lo atrav\u00e9s da internet.<\/p>\t\t\t\t\t\t\t\t<\/div>\n\t\t\t\t\t<\/div>\n\t\t\t\t<\/div>\n\t\t<div class=\"elementor-element elementor-element-769e3b9 e-flex e-con-boxed wpr-particle-no wpr-jarallax-no wpr-parallax-no wpr-sticky-section-no wpr-equal-height-no e-con e-parent\" data-id=\"769e3b9\" data-element_type=\"container\" data-e-type=\"container\">\n\t\t\t\t\t<div class=\"e-con-inner\">\n\t\t\t\t<div class=\"elementor-element elementor-element-c38d60b elementor-widget elementor-widget-heading\" data-id=\"c38d60b\" data-element_type=\"widget\" data-e-type=\"widget\" data-widget_type=\"heading.default\">\n\t\t\t\t\t<h2 class=\"elementor-heading-title elementor-size-default\">ESCOLHIDO PARA O CORPO DOCENTE<\/h2>\t\t\t\t<\/div>\n\t\t\t\t<div class=\"elementor-element elementor-element-214c5b2 elementor-widget elementor-widget-text-editor\" data-id=\"214c5b2\" data-element_type=\"widget\" data-e-type=\"widget\" data-widget_type=\"text-editor.default\">\n\t\t\t\t\t\t\t\t\t<p>Em 1998 eu tive o seguinte chamado, durante um sonho, quando um homem se dirigiu a mim: \u201cvoc\u00ea foi escolhido para o Corpo Docente\u201d<\/p><p>Em 1999 senti uma forte vontade de fazer o Semin\u00e1rio Teol\u00f3gico, com o desejo apenas de aprofundar-me no conhecimento da Palavra de Deus.<\/p><p>Em 2002, quando fazia o \u00faltimo semestre do Semin\u00e1rio, e atrav\u00e9s das aulas de Exegese do Antigo Testamento, iniciei, inspirado por Deus, tendo como base o texto de G\u00eanesis 1: 26, as primeiras reflex\u00f5es que redundaram, ap\u00f3s 3 [tr\u00eas] anos, de muita inspira\u00e7\u00e3o, esfor\u00e7o, pesquisa, e estudo, no Livro: Assuntos Pol\u00eamicos da B\u00edblia.<\/p><p>Aos primeiros escritos dei o t\u00edtulo \u2013 NO PRINC\u00cdPIO DEUS E ANTIDEUS \u2013 UMA REFLEX\u00c3O \u2013 por entender que existe um Dualismo do Bom e do Mau, em forma de Elementos B\u00e1sicos, de forma transcendental e enigm\u00e1tica, desde a Eternidade, conforme explica o Livro.<\/p><p>Com o aprofundamento e amplia\u00e7\u00e3o do estudo, troquei o t\u00edtulo para Assuntos Pol\u00eamicos da B\u00edblia, por sugest\u00e3o de um amigo. Os primeiros escritos tinham 84 p\u00e1ginas, e eu estava euf\u00f3rico por ter conseguido abordar assuntos t\u00e3o profundos. Chamou-me a aten\u00e7\u00e3o o fato de que foram chegando informa\u00e7\u00f5es \u00e0s minhas m\u00e3os valios\u00edssimas e fundamentais para desenvolver os assuntos e as reflex\u00f5es. Quanto mais eu era desacreditado, mais eu recebia informa\u00e7\u00f5es e inspira\u00e7\u00e3o. As informa\u00e7\u00f5es chegavam por Jornais, Revistas, Livros, e atrav\u00e9s de Mensagens dos Pregadores que ouvia na Igreja e nos meios de Comunica\u00e7\u00e3o, \u00e0 medida que estudava a B\u00edblia e escrevia os assuntos pertinentes.<\/p><p>Quando pensava que j\u00e1 n\u00e3o tinha mais o que escrever ou abordar, ou capacidade para aprofundar os assuntos, inesperadamente era envolvido por forte inspira\u00e7\u00e3o, e desta forma o conte\u00fado do Livro foi aumentando e se encontra com quase o dobro do n\u00famero de p\u00e1ginas iniciais.<\/p><p>Quando havia preparado um panfleto para divulga\u00e7\u00e3o do Livro com o titulo: CORREM O RISCO\u2026 e resolvi distribu\u00ed-lo, pedi a Deus um sinal sobrenatural. Este Sinal Sobrenatural eu recebi e transcrevo a seguir no T\u00f3pico: \u201cO Folheto e o Livro\u201d<\/p><p>O que mais me preocupa \u00e9 o fato de que o tempo da Igreja est\u00e1 terminando e isto n\u00e3o est\u00e1 sendo levado na devida import\u00e2ncia.<\/p><p>Deus est\u00e1 usando da Sua Miseric\u00f3rdia, em mostrar das mais variadas formas, que o Seu Ju\u00edzo sobre a Humanidade n\u00e3o demora, ou melhor, n\u00e3o pode mais demorar, em face do estado decadente das Na\u00e7\u00f5es, dos Governos, dos Povos, da Moral, da \u00c9tica \u2013 \u201cassim como foi nos dias de No\u00e9\u2026\u201d [Mateus 24: 37]. Algu\u00e9m tem d\u00favida sobre isso ?<\/p><p>N\u00e3o tenho d\u00favidas e nem receio em afirmar que Deus, pela Sua Infinita Gra\u00e7a e Miseric\u00f3rdia comissionou-me para anunciar, algumas verdades ocultas conforme Deuteron\u00f4mio 29: 29.<\/p><p>A Teologia \u00e9 a ci\u00eancia dos enigmas de Deus. A Teologia \u00e9 uma ci\u00eancia, e a B\u00edblia \u00e9 o Livro Teol\u00f3gico que cont\u00e9m toda a verdade, por\u00e9m encoberta por enigmas, e revelados a seu tempo por Deus.<\/p><p>A Ci\u00eancia ajuda a confirmar a Teologia, como \u00e9 o caso da origem da esp\u00e9cie humana, j\u00e1 que todos os C\u00edrculos Cient\u00edficos Modernos afirmam que todos os seres humanos vivos s\u00e3o oriundos de uma \u00fanica esp\u00e9cie, independente de ra\u00e7a \u2013 um macho e uma f\u00eamea. (ver A Origem das Ra\u00e7as \u2013 P\u00e1gina 76 )<\/p><p>Entretanto a Teologia confunde a Ci\u00eancia, ao afirmar que a f\u00eamea [Eva] foi criada a partir de uma costela do macho [Ad\u00e3o]<\/p><p>Quer saber mais ? Leia Os Artigos e o Livro Assuntos Pol\u00eamicos da B\u00edblia.<\/p>\t\t\t\t\t\t\t\t<\/div>\n\t\t\t\t\t<\/div>\n\t\t\t\t<\/div>\n\t\t<div class=\"elementor-element elementor-element-ec155b8 e-flex e-con-boxed wpr-particle-no wpr-jarallax-no wpr-parallax-no wpr-sticky-section-no wpr-equal-height-no e-con e-parent\" data-id=\"ec155b8\" data-element_type=\"container\" data-e-type=\"container\">\n\t\t\t\t\t<div class=\"e-con-inner\">\n\t\t\t\t<div class=\"elementor-element elementor-element-b692b8a elementor-widget elementor-widget-heading\" data-id=\"b692b8a\" data-element_type=\"widget\" data-e-type=\"widget\" data-widget_type=\"heading.default\">\n\t\t\t\t\t<h2 class=\"elementor-heading-title elementor-size-default\">O FOLHETO E O LIVRO<\/h2>\t\t\t\t<\/div>\n\t\t\t\t<div class=\"elementor-element elementor-element-462c4c3 elementor-widget elementor-widget-text-editor\" data-id=\"462c4c3\" data-element_type=\"widget\" data-e-type=\"widget\" data-widget_type=\"text-editor.default\">\n\t\t\t\t\t\t\t\t\t<p>Durante aproximadamente 30 anos procurei respostas sobre os assuntos enigm\u00e1ticos da B\u00edblia, tais como:<\/p><ul><li>A Origem de Deus e a Origem do Mau<\/li><li>Cronologia da Cria\u00e7\u00e3o<\/li><li>Per\u00edodo de Tempo de Ad\u00e3o e Eva no \u00c9den<\/li><li>Filhos de Ad\u00e3o e Eva no \u00c9den<\/li><li>Origem das Ra\u00e7as<\/li><li>Origem da Alma e do Esp\u00edrito<\/li><li>Os Dinossauros e a B\u00edblia<\/li><li>E tantos outros\u2026<\/li><\/ul><p>Em 1998 eu tive um sonho em que um homem apareceu na minha vis\u00e3o e disse : \u201cvoc\u00ea foi escolhido para o Corpo Docente\u201d<\/p><p>Eu sempre fui um freq\u00fcentador ass\u00edduo da Escola Dominical. Em 1999 senti um forte desejo de fazer o Semin\u00e1rio Teol\u00f3gico com o objetivo \u00fanico de aprender mais, j\u00e1 que tinha a noite dispon\u00edvel para freq\u00fcentar o Curso.<\/p><p>No \u00faltimo semestre do Semin\u00e1rio em 2002, comecei atrav\u00e9s da aula de Exegese do Antigo Testamento, a aprofundar-me de forma inspirativa, no vers\u00edculo de G\u00eanesis 1: 26.<\/p><p>J\u00e1 no final do Semestre e do Curso tinha um grande material de estudo, aprofundado, estendido e contextualizado com outros assuntos da B\u00edblia.<\/p><p>Quando eu pensava que n\u00e3o tinha mais inspira\u00e7\u00e3o ou j\u00e1 tinha esgotada a minha capacidade de abordagem, surgiam fatos e informa\u00e7\u00f5es, tanto do que ouvia, ou, lia na B\u00edblia, e, em Livros e meios de Comunica\u00e7\u00f5es, que me inspiravam continuamente.<\/p><p>Desta forma cheguei ao Livro atual, e, a diversos outros Artigos postados na Internet, e no meu Site.<\/p><p>Quando terminei o Livro senti a necessidade de fazer um Folheto de divulga\u00e7\u00e3o. Com os Folhetos prontos, no dia 09 de janeiro de 2005, \u00e0s 19 horas, fiz uma ora\u00e7\u00e3o, enquanto me dirigia, de carro, para uma Regi\u00e3o da Barra da Tijuca, pedindo a Deus que me respondesse, com um Sinal Sobrenatural, se aquilo tudo que eu estava fazendo tinha a Sua aprova\u00e7\u00e3o.<\/p><p>Esta Ora\u00e7\u00e3o eu fiz enquanto dirigia o carro at\u00e9 o local onde estacionei, em frente de uma Igreja Evang\u00e9lica, na Orla da Barra, isto \u00e9, bem junto a Praia.<\/p><p>Coloquei os folhetos nos p\u00e1ra-brisas dos carros estacionados, fora da \u00e1rea da Igreja.<\/p><p>Em seguida sai na inten\u00e7\u00e3o de encontrar mais alguma Igreja nas proximidades. A Igreja que acabei de citar fica em frente \u00e0 Praia. Ap\u00f3s panfletar os carros estacionados, segui em dire\u00e7\u00e3o perpendicular na rua pr\u00f3xima andando uns 100 metros em dire\u00e7\u00e3o perpendicular \u00e0 Praia. Dobrei \u00e0 esquerda na primeira rua e segui mais uns 100 metros, agora em sentido paralelo \u00e0 Praia.<\/p><p>Encontrei dois homens vestidos com um uniforme de trabalho e perguntei se sabiam de alguma Igreja no local. Eles mandaram-me dobrar \u00e0 direita e percorri mais uns 100 metros, isto \u00e9, novamente em sentido perpendicular \u00e0 Praia, onde, num Largo, encontrei outro homem vestido com o mesmo uniforme e assentado estranhamente no meio fio da rua que me orientou sobre mais duas Igrejas, uma pr\u00f3xima da outra.<\/p><p>Coloquei os folhetos nos Carros e voltei em sentido contr\u00e1rio por outra rua paralela, em dire\u00e7\u00e3o \u00e0 Praia. Quando pensei que estaria novamente na Orla da Praia, pois havia me afastado n\u00e3o mais de trezentos metros, percebi que estava do outro lado da Lagoa da Tijuca, no local chamado de Barrinha, distante em linha reta da Orla da Barra aproximadamente 1500 mil metros, tendo a Avenida das Am\u00e9ricas e a Lagoa como separa\u00e7\u00e3o e uma ponte de acesso.<\/p><p>Fiquei desorientado e at\u00f4nito, procurando atrav\u00e9s das Placas de Tr\u00e2nsito a dire\u00e7\u00e3o para voltar, em face de n\u00e3o conhecer aquele lugar.<\/p><p>Ap\u00f3s encontrar a dire\u00e7\u00e3o de volta atravessei a Ponte e dirigi-me para casa. Isto aconteceu no dia 09 de janeiro de 2005. Durante todo o trajeto de volta para casa, fiquei indagando a Deus o que tinha acontecido, quando ouvi a seguinte voz transcendental dizer-me :<\/p><p>\u201d Voc\u00ea n\u00e3o me pediu um sinal sobrenatural !\u201d<\/p><p>Ent\u00e3o compreendi que foi Obra de Deus, como forma de aprova\u00e7\u00e3o pela minha iniciativa em divulgar o Folheto e o Livro. Desta forma n\u00e3o tenho d\u00favidas quanto o seu conte\u00fado simples e \u00ednfimo teologicamente, mas inspirado.<\/p><p>Entretanto minha curiosidade em saber em que ponto do trajeto eu fui transladado com o carro, levou-me a repetir o mesmo itiner\u00e1rio, ap\u00f3s 5 semanas, precisamente, no dia 13 de fevereiro de 2005.<\/p><p>Nesse dia, no mesmo hor\u00e1rio, um domingo, por volta de 19 horas, sai de casa com o carro e objetivo de percorrer o mesmo itiner\u00e1rio para conhecer o ponto de translada\u00e7\u00e3o.<\/p><p>Parei para abastecer meu carro num Posto de Gasolina, e, tendo abastecido coloquei o carro em posi\u00e7\u00e3o para seguir junto \u00e0 rua de sa\u00edda. Veio uma motocicleta com um homem de capacete e bateu propositadamente no meu carro violentamente e sem perder o equil\u00edbrio, seguiu em frente evadindo-se.<\/p><p>Diante do ocorrido segui em frente, pois imaginei tratar-se de um marginal e o melhor era ficar com o preju\u00edzo que constatei mais tarde, tendo o p\u00e1ra-choque de metal amassado e cortado o p\u00e1ra-lama esquerdo.<\/p><p>Segui em frente sem parar movido por um impulso em querer cumprir o meu prop\u00f3sito. Percorri todo o itiner\u00e1rio que havia feito no dia 09 de janeiro, sem parar, apenas seguindo e prestando aten\u00e7\u00e3o para n\u00e3o errar.<\/p><p>Quando dobrei \u00e0 esquerda em sentido perpendicular \u00e0 praia, logo ap\u00f3s a Igreja que havia panfletado os carros estacionados, na dia 09 de janeiro, minha aten\u00e7\u00e3o foi maior para entender o que havia acontecido, naquele dia, e de que ponto eu fui transladado.<\/p><p>Minha surpresa foi maior quando ap\u00f3s percorrer todo o itiner\u00e1rio anterior, sem errar, descobri que estava novamente no outro lado da Barra, exatamente como da vez anterior, isto \u00e9, havia percorrido uns 300 metros e estava a uns 1500 metros, do outro lado da Lagoa da Tijuca, que separa a Barra da Barrinha.<\/p><p>Um detalhe que me chamou \u00e0 aten\u00e7\u00e3o foi n\u00e3o ver os homens de uniforme que me haviam orientado na vez anterior.<\/p><p>Fiquei at\u00f4nito novamente e entendi que Deus me havia DISCIPLINADO.<\/p><p>Como da vez anterior voltei, atravessando a Ponte, \u00fanica passagem naquele local, da Barra para a Barrinha, com destino, para o Hospital Barra D\u2019OR, onde minha filha estava em coma induzido, ap\u00f3s dar \u00e0 Luz a minha neta, de cesariana, em conseq\u00fc\u00eancia de uma S\u00edndrome de Help, que milagrosamente sobreviveram, m\u00e3e e filha, para Honra e Gl\u00f3ria do Senhor.<\/p><p>Quando entrei no Hospital Barra D\u2019OR o Porteiro do Hospital alertou-me que n\u00e3o havia a Placa dianteira do carro. Quando sai do Hospital dirigi-me ao local onde sofri a batida da Motocicleta, a fim de encontrar a Placa.<\/p><p>Chegando ao local n\u00e3o encontrei a Placa. Perguntei a propriet\u00e1ria de uma Barraca que vendia Sopa situada a 5 metros do local da Batida, bem como, a todos os funcion\u00e1rios do Posto de Gasolina, sobre o ocorrido e se tinham visto a Placa. A ocorr\u00eancia foi na sa\u00edda do Posto de Gasolina.<\/p><p>Para minha maior surpresa todos disseram que n\u00e3o ouviram e nem viram nenhuma batida. Eu insisti que eles n\u00e3o poderiam ter deixado de ouvir e ver o ocorrido pela proximidade, mas todos n\u00e3o perceberam ou ouviram nada.<\/p><p>Diante destas respostas, conclui que o sumi\u00e7o da Placa foi uma provid\u00eancia Divina para que eu voltasse ao local da Batida para entender que estava sendo disciplinado por Deus, por ter tomado a atitude de querer saber como foi que Deus me transladou da praia da Barra para a Barrinha.<\/p><p>Testemunhos como o que acabei de registrar n\u00e3o s\u00e3o comuns e geram descren\u00e7a para muitos, em face do seu transcendentalismo, por\u00e9m n\u00e3o o fa\u00e7o por vaidade, mas para glorificar o nome do Senhor.<\/p>\t\t\t\t\t\t\t\t<\/div>\n\t\t\t\t\t<\/div>\n\t\t\t\t<\/div>\n\t\t<div class=\"elementor-element elementor-element-fd82e57 e-flex e-con-boxed wpr-particle-no wpr-jarallax-no wpr-parallax-no wpr-sticky-section-no wpr-equal-height-no e-con e-parent\" data-id=\"fd82e57\" data-element_type=\"container\" data-e-type=\"container\">\n\t\t\t\t\t<div class=\"e-con-inner\">\n\t\t\t\t<div class=\"elementor-element elementor-element-c3513e0 elementor-widget elementor-widget-heading\" data-id=\"c3513e0\" data-element_type=\"widget\" data-e-type=\"widget\" data-widget_type=\"heading.default\">\n\t\t\t\t\t<h2 class=\"elementor-heading-title elementor-size-default\">TESTEMUNHOS<\/h2>\t\t\t\t<\/div>\n\t\t\t\t<div class=\"elementor-element elementor-element-29ab9e2 elementor-widget elementor-widget-text-editor\" data-id=\"29ab9e2\" data-element_type=\"widget\" data-e-type=\"widget\" data-widget_type=\"text-editor.default\">\n\t\t\t\t\t\t\t\t\t<p>a \u2013 Aos 10 (dez) anos de idade tive minha primeira experi\u00eancia de livramento quando fui salvo por um homem de um afogamento numa lagoa;<\/p><p>b \u2013 Aos 16 anos de idade ao tentar embarcar num trem em movimento na Esta\u00e7\u00e3o da Central do Brasil, no Rio de Janeiro, perdi o equil\u00edbrio e comecei a cair entre o trem em movimento e a plataforma de embarque, quando algo como uma m\u00e3o empurrou-me para cima da plataforma, impedindo a minha queda fatal pelas rodas do trem em movimento;<\/p><p>c \u2013 Aos 30 (trinta) anos de idade fui salvo de ser atropelado por um autom\u00f3vel em alta velocidade quando um homem impediu que eu desse o passo necess\u00e1rio para ser alcan\u00e7ado pelo carro, numa Avenida pouca iluminada;<\/p><p>d \u2013 No ano de 2000 quando regressava de uma confraterniza\u00e7\u00e3o dos 40 anos de formatura da turma Bras\u00edlia, de Sargentos da Escola de Sargentos das Armas (Ex\u00e9rcito), fui transladado da altura de Iraj\u00e1-RJ, na Avenida Brasil, para Realengo, estando de carro e acompanhado de minha esposa. Fiquei at\u00f4nito, pois num impercept\u00edvel instante isto aconteceu.<\/p><p>Quando entrei na Avenida Brasil, saindo da Avenida Presidente Dutra, olhei para o rel\u00f3gio e disse para a minha esposa que em aproximadamente 40 minutos estar\u00edamos em casa. Lembro-me que ultrapassei uma Kombi e logo a seguir percebi por uma placa de tr\u00e2nsito que estava em Realengo, cerca de 20 Km \u00e0 frente. Fiquei indagando em Ora\u00e7\u00e3o o motivo de t\u00e3o extraordin\u00e1rio fen\u00f4meno. Isto aconteceu no dia 17 de novembro de 2000. Posteriormente, recebi um comunicado da Associa\u00e7\u00e3o de Ex-Alunos da CEFET-RJ, convidando os familiares de Onir Francisco Damas para participarem de Missa em favor dos Ex-Alunos falecidos, em solenidade anual realizado pela Associa\u00e7\u00e3o \u2013 meu nome inexplicavelmente estava inclu\u00eddo no rol dos falecidos.<\/p><p>Minha resposta tinha chegado, pois entendi que algo iria acontecer comigo antes de chegar ao Bairro de Deodoro, onde iria sair da Avenida Brasil, para seguir em dire\u00e7\u00e3o ao Bairro de minha resid\u00eancia. Foi mais um livramento de Deus, fazendo-me mudar o itiner\u00e1rio de maneira sobrenatural.<\/p><p>e \u2013 Certo dia ao atravessar uma rua movimentada esperei que o tr\u00e2nsito ficasse livre e quando dei in\u00edcio \u00e0 travessia olhando para o lado do movimento dos carros, uma bicicleta veio na conta-m\u00e3o e chocou-se em algo que me protegeu, fazendo com que a bicicleta e seu ocupante fossem lan\u00e7ados no meio da rua, para espanto meu e do ciclista que n\u00e3o entendeu o ocorrido;<\/p><p>f \u2013 Estava dirigindo-me para casa ap\u00f3s fazer algumas compras quando um carro parou ao meu lado e o motorista disse para mim:<\/p><p>\u2013 Voc\u00ea viu os dois sujeitos da Moto?<br \/>\u2013 Respondi que n\u00e3o vi nem percebi nada.<br \/>Ele retrucou:<br \/>\u2013 Eles estavam preparando-se para te assaltar, por\u00e9m eu fiz um sinal amea\u00e7ador e eles foram embora. Em seguida manobrou o carro e partiu sem dizer mais nada.<\/p><p>g \u2013 Nesse ano de 2009, estava dirigindo meu carro na Avenida Brasil-RJ, acompanhado de minha esposa e minha neta Mait\u00ea, de 4 anos, quando um carro com 4 sujeitos fizeram sinal apontando para os pneus do meu carro avisando de alguma irregularidade. Em seguida posicionou o carro atr\u00e1s do meu esperando que eu parasse. Como eu n\u00e3o parei eles posicionaram o carro ao lado do meu, num momento em que o tr\u00e2nsito ficou lento, em face de uma Obra que estava sendo realizada na margem direita, e fizeram sinal para que eu encostasse o carro e parasse.<\/p><p>Minha esposa pensando que eles estavam querendo nos ajudar insistiu que eu parasse para ver o que estava acontecendo com o nosso carro, e pediu para que eu abrisse os vidros do carro;<\/p><p>Eles posicionaram o carro na frente do meu, aproveitando o movimento lento do tr\u00e2nsito, e em seguida pararam o carro para que eu parasse atr\u00e1s; Eu manobrei o meu carro lentamente e n\u00e3o parei. Quando cruzei com eles com os vidros abertos, eles como que vendo algo no meu carro, permaneceram im\u00f3veis e sem a\u00e7\u00e3o. Fiquei olhando pelo retrovisor e felizmente ficaram parados e n\u00e3o os vimos mais.<\/p><p>Eles queriam levar o nosso carro. O que os assustou eu n\u00e3o sei, pois n\u00e3o fui eu, nem minha esposa, e nem minha neta. N\u00e3o tenho d\u00favidas que foi o Anjo do Senhor.<\/p><p>h \u2013 Ainda nesse ano de 2009 fui ao enterro de uma prima \u2013 serva do Senhor \u2013 no Cemit\u00e9rio de Inha\u00fama-RJ. Como meu carro estava apresentando defeito e n\u00e3o dava tempo de concertar resolvi ir de \u00f4nibus. Perguntei e fui informado por um passageiro que deveria saltar em determinada passarela da Linha Amarela. Saltei e percebi que estava num lugar deserto. Havia um carro preto com um motorista estacionado e perguntei onde ficava o Cemit\u00e9rio. Ele respondeu-me que eu deveria ter saltado na Passarela anterior, pois estava agora muito distante do Cemit\u00e9rio. Em seguida convidou-me para entrar, pois se prontificou a me levar at\u00e9 a Passarela anterior. Entrei no carro e perguntei o seu nome. Ele respondeu que era Marcos. Eu disse-lhe que Jesus o iria recompensar pelo seu gesto. Ele respondeu que tinha certeza disso. Em seguida chegamos no local da Passarela, eu saltei e ele seguiu em frente. Minha \u201cficha\u201d caiu e eu entendi que foi uma b\u00ean\u00e7\u00e3o providencial sobrenatural, pois, se fosse um bandido eu teria estado em apuros, em face do local deserto e perigoso, mas sim, foi um Anjo do Senhor.<\/p><p>Vou parar apesar de ter outros testemunhos.<\/p>\t\t\t\t\t\t\t\t<\/div>\n\t\t\t\t\t<\/div>\n\t\t\t\t<\/div>\n\t\t<div class=\"elementor-element elementor-element-75a3c74 e-flex e-con-boxed wpr-particle-no wpr-jarallax-no wpr-parallax-no wpr-sticky-section-no wpr-equal-height-no e-con e-parent\" data-id=\"75a3c74\" data-element_type=\"container\" data-e-type=\"container\">\n\t\t\t\t\t<div class=\"e-con-inner\">\n\t\t\t\t<div class=\"elementor-element elementor-element-0bdffb0 elementor-widget elementor-widget-heading\" data-id=\"0bdffb0\" data-element_type=\"widget\" data-e-type=\"widget\" data-widget_type=\"heading.default\">\n\t\t\t\t\t<h2 class=\"elementor-heading-title elementor-size-default\">CONCLUS\u00c3O<\/h2>\t\t\t\t<\/div>\n\t\t\t\t<div class=\"elementor-element elementor-element-f1bda91 elementor-widget elementor-widget-text-editor\" data-id=\"f1bda91\" data-element_type=\"widget\" data-e-type=\"widget\" data-widget_type=\"text-editor.default\">\n\t\t\t\t\t\t\t\t\t<p>Minha responsabilidade \u00e9 muito grande, pois a Palavra de Deus afirma que a quem muito foi dado, muito ser\u00e1 exigido, e a quem muito se confia, muito mais lhe pedir\u00e3o ( Lucas 12: 48b ).<\/p><p>N\u00f3s os Servos do Senhor temos as Promessas, tais como:<\/p><p>Salmos 34: 7 = O Anjo do Senhor acampa-se ao redor dos que o temem e os livra.<\/p><p>Hebreus 1: N\u00e3o s\u00e3o porventura todos eles esp\u00edritos ministradores, enviados para servir a favor daqueles que h\u00e3o de herdar a salva\u00e7\u00e3o?<\/p><p>Deus usa quem Ele quer e do jeito que quer. Sei que n\u00e3o sou digno, mas inexplicavelmente estou sendo usado para anunciar a Volta de Jesus, em breve, isto \u00e9, nesse per\u00edodo compreendido pela Gera\u00e7\u00e3o a partir de 1948, data da Cria\u00e7\u00e3o do Estado de Israel pela ONU.<\/p><p>PARA REFLEX\u00c3O<\/p><p>\u2013 Deus e o Homem utilizam a mesma \u201cpeneira\u201d<br \/>\u2013 Para separar os seus escolhidos;<br \/>\u2013 Deus USA o que passa na \u201cpeneira\u201d;<br \/>\u2013 O Homem ESCOLHE o que fica na \u201cpeneira\u201d;<br \/>\u2013 Quanto \u201cmenor\u201d, mais \u00fatil para Deus;<br \/>\u2013 Quanto maior, mais importante para o Homem.<br \/>Orem por mim!<\/p><p>DETALHE IMPORTANTE : Os Artigos s\u00e3o posteriores \u00e0 publica\u00e7\u00e3o do Livro e complementam Artigos do Livro.<\/p>\t\t\t\t\t\t\t\t<\/div>\n\t\t\t\t\t<\/div>\n\t\t\t\t<\/div>\n\t\t\t\t<\/div>\n\t\t","protected":false},"excerpt":{"rendered":"<p>O Autor APRESENTA\u00c7\u00c3O Onir Francisco Damas,\u00a0 Oficial do Ex\u00e9rcito (R\/1); Formado em Engenharia pela CEFET \u2013 RJ; Bacharel em Teologia; Poeta e autor do livro \u201cQuanto Tempo Eu Perdi\u201d, uma reflex\u00e3o da Palavra de Deus em forma de versos; Casado e Pai de tr\u00eas filhos. Como todo ser humano que acredita num Criador, ap\u00f3s longo estudo das Escrituras Sagradas (B\u00edblia) e buscando respostas para o seu Esp\u00edrito sobre a origem de todas as coisas, formulou um mini-tratado Teol\u00f3gico em que presta um relat\u00f3rio de suas descobertas, como ponto de partida para maiores aprofundamentos, ou refuta\u00e7\u00e3o fundamentada. Em face da impress\u00e3o externada por parte de quem j\u00e1 leu o Livro, ao afirmar que se sentiu fortalecido na f\u00e9 em Deus e aben\u00e7oado, resolveu divulg\u00e1-lo atrav\u00e9s da internet. ESCOLHIDO PARA O CORPO DOCENTE Em 1998 eu tive o seguinte chamado, durante um sonho, quando um homem se dirigiu a mim: \u201cvoc\u00ea foi escolhido para o Corpo Docente\u201d Em 1999 senti uma forte vontade de fazer o Semin\u00e1rio Teol\u00f3gico, com o desejo apenas de aprofundar-me no conhecimento da Palavra de Deus. Em 2002, quando fazia o \u00faltimo semestre do Semin\u00e1rio, e atrav\u00e9s das aulas de Exegese do Antigo Testamento, iniciei, inspirado por Deus, tendo como base o texto de G\u00eanesis 1: 26, as primeiras reflex\u00f5es que redundaram, ap\u00f3s 3 [tr\u00eas] anos, de muita inspira\u00e7\u00e3o, esfor\u00e7o, pesquisa, e estudo, no Livro: Assuntos Pol\u00eamicos da B\u00edblia. Aos primeiros escritos dei o t\u00edtulo \u2013 NO PRINC\u00cdPIO DEUS E ANTIDEUS \u2013 UMA REFLEX\u00c3O \u2013 por entender que existe um Dualismo do Bom e do Mau, em forma de Elementos B\u00e1sicos, de forma transcendental e enigm\u00e1tica, desde a Eternidade, conforme explica o Livro. Com o aprofundamento e amplia\u00e7\u00e3o do estudo, troquei o t\u00edtulo para Assuntos Pol\u00eamicos da B\u00edblia, por sugest\u00e3o de um amigo. Os primeiros escritos tinham 84 p\u00e1ginas, e eu estava euf\u00f3rico por ter conseguido abordar assuntos t\u00e3o profundos. Chamou-me a aten\u00e7\u00e3o o fato de que foram chegando informa\u00e7\u00f5es \u00e0s minhas m\u00e3os valios\u00edssimas e fundamentais para desenvolver os assuntos e as reflex\u00f5es. Quanto mais eu era desacreditado, mais eu recebia informa\u00e7\u00f5es e inspira\u00e7\u00e3o. As informa\u00e7\u00f5es chegavam por Jornais, Revistas, Livros, e atrav\u00e9s de Mensagens dos Pregadores que ouvia na Igreja e nos meios de Comunica\u00e7\u00e3o, \u00e0 medida que estudava a B\u00edblia e escrevia os assuntos pertinentes. Quando pensava que j\u00e1 n\u00e3o tinha mais o que escrever ou abordar, ou capacidade para aprofundar os assuntos, inesperadamente era envolvido por forte inspira\u00e7\u00e3o, e desta forma o conte\u00fado do Livro foi aumentando e se encontra com quase o dobro do n\u00famero de p\u00e1ginas iniciais. Quando havia preparado um panfleto para divulga\u00e7\u00e3o do Livro com o titulo: CORREM O RISCO\u2026 e resolvi distribu\u00ed-lo, pedi a Deus um sinal sobrenatural. Este Sinal Sobrenatural eu recebi e transcrevo a seguir no T\u00f3pico: \u201cO Folheto e o Livro\u201d O que mais me preocupa \u00e9 o fato de que o tempo da Igreja est\u00e1 terminando e isto n\u00e3o est\u00e1 sendo levado na devida import\u00e2ncia. Deus est\u00e1 usando da Sua Miseric\u00f3rdia, em mostrar das mais variadas formas, que o Seu Ju\u00edzo sobre a Humanidade n\u00e3o demora, ou melhor, n\u00e3o pode mais demorar, em face do estado decadente das Na\u00e7\u00f5es, dos Governos, dos Povos, da Moral, da \u00c9tica \u2013 \u201cassim como foi nos dias de No\u00e9\u2026\u201d [Mateus 24: 37]. Algu\u00e9m tem d\u00favida sobre isso ? N\u00e3o tenho d\u00favidas e nem receio em afirmar que Deus, pela Sua Infinita Gra\u00e7a e Miseric\u00f3rdia comissionou-me para anunciar, algumas verdades ocultas conforme Deuteron\u00f4mio 29: 29. A Teologia \u00e9 a ci\u00eancia dos enigmas de Deus. A Teologia \u00e9 uma ci\u00eancia, e a B\u00edblia \u00e9 o Livro Teol\u00f3gico que cont\u00e9m toda a verdade, por\u00e9m encoberta por enigmas, e revelados a seu tempo por Deus. A Ci\u00eancia ajuda a confirmar a Teologia, como \u00e9 o caso da origem da esp\u00e9cie humana, j\u00e1 que todos os C\u00edrculos Cient\u00edficos Modernos afirmam que todos os seres humanos vivos s\u00e3o oriundos de uma \u00fanica esp\u00e9cie, independente de ra\u00e7a \u2013 um macho e uma f\u00eamea. (ver A Origem das Ra\u00e7as \u2013 P\u00e1gina 76 ) Entretanto a Teologia confunde a Ci\u00eancia, ao afirmar que a f\u00eamea [Eva] foi criada a partir de uma costela do macho [Ad\u00e3o] Quer saber mais ? Leia Os Artigos e o Livro Assuntos Pol\u00eamicos da B\u00edblia. O FOLHETO E O LIVRO Durante aproximadamente 30 anos procurei respostas sobre os assuntos enigm\u00e1ticos da B\u00edblia, tais como: A Origem de Deus e a Origem do Mau Cronologia da Cria\u00e7\u00e3o Per\u00edodo de Tempo de Ad\u00e3o e Eva no \u00c9den Filhos de Ad\u00e3o e Eva no \u00c9den Origem das Ra\u00e7as Origem da Alma e do Esp\u00edrito Os Dinossauros e a B\u00edblia E tantos outros\u2026 Em 1998 eu tive um sonho em que um homem apareceu na minha vis\u00e3o e disse : \u201cvoc\u00ea foi escolhido para o Corpo Docente\u201d Eu sempre fui um freq\u00fcentador ass\u00edduo da Escola Dominical. Em 1999 senti um forte desejo de fazer o Semin\u00e1rio Teol\u00f3gico com o objetivo \u00fanico de aprender mais, j\u00e1 que tinha a noite dispon\u00edvel para freq\u00fcentar o Curso. No \u00faltimo semestre do Semin\u00e1rio em 2002, comecei atrav\u00e9s da aula de Exegese do Antigo Testamento, a aprofundar-me de forma inspirativa, no vers\u00edculo de G\u00eanesis 1: 26. J\u00e1 no final do Semestre e do Curso tinha um grande material de estudo, aprofundado, estendido e contextualizado com outros assuntos da B\u00edblia. Quando eu pensava que n\u00e3o tinha mais inspira\u00e7\u00e3o ou j\u00e1 tinha esgotada a minha capacidade de abordagem, surgiam fatos e informa\u00e7\u00f5es, tanto do que ouvia, ou, lia na B\u00edblia, e, em Livros e meios de Comunica\u00e7\u00f5es, que me inspiravam continuamente. Desta forma cheguei ao Livro atual, e, a diversos outros Artigos postados na Internet, e no meu Site. Quando terminei o Livro senti a necessidade de fazer um Folheto de divulga\u00e7\u00e3o. Com os Folhetos prontos, no dia 09 de janeiro de 2005, \u00e0s 19 horas, fiz uma ora\u00e7\u00e3o, enquanto me dirigia, de carro, para uma Regi\u00e3o da Barra da Tijuca, pedindo a Deus que me respondesse, com um Sinal Sobrenatural, se aquilo tudo que eu estava fazendo tinha a Sua aprova\u00e7\u00e3o. Esta Ora\u00e7\u00e3o<\/p>\n","protected":false},"author":1,"featured_media":0,"parent":0,"menu_order":0,"comment_status":"closed","ping_status":"closed","template":"elementor_header_footer","meta":{"footnotes":""},"class_list":["post-17400","page","type-page","status-publish","hentry"],"yoast_head":"<!-- This site is optimized with the Yoast SEO plugin v27.5 - https:\/\/yoast.com\/product\/yoast-seo-wordpress\/ -->\n<title>O Autor - Assuntos Pol\u00eamicos da B\u00edblia<\/title>\n<meta name=\"robots\" content=\"index, follow, max-snippet:-1, max-image-preview:large, max-video-preview:-1\" \/>\n<link rel=\"canonical\" href=\"https:\/\/assuntospolemicosdabiblia.com\/blog\/o-autor\/\" \/>\n<meta property=\"og:locale\" content=\"pt_BR\" \/>\n<meta property=\"og:type\" content=\"article\" \/>\n<meta property=\"og:title\" content=\"O Autor - Assuntos Pol\u00eamicos da B\u00edblia\" \/>\n<meta property=\"og:description\" content=\"O Autor APRESENTA\u00c7\u00c3O Onir Francisco Damas,\u00a0 Oficial do Ex\u00e9rcito (R\/1); Formado em Engenharia pela CEFET \u2013 RJ; Bacharel em Teologia; Poeta e autor do livro \u201cQuanto Tempo Eu Perdi\u201d, uma reflex\u00e3o da Palavra de Deus em forma de versos; Casado e Pai de tr\u00eas filhos. Como todo ser humano que acredita num Criador, ap\u00f3s longo estudo das Escrituras Sagradas (B\u00edblia) e buscando respostas para o seu Esp\u00edrito sobre a origem de todas as coisas, formulou um mini-tratado Teol\u00f3gico em que presta um relat\u00f3rio de suas descobertas, como ponto de partida para maiores aprofundamentos, ou refuta\u00e7\u00e3o fundamentada. Em face da impress\u00e3o externada por parte de quem j\u00e1 leu o Livro, ao afirmar que se sentiu fortalecido na f\u00e9 em Deus e aben\u00e7oado, resolveu divulg\u00e1-lo atrav\u00e9s da internet. ESCOLHIDO PARA O CORPO DOCENTE Em 1998 eu tive o seguinte chamado, durante um sonho, quando um homem se dirigiu a mim: \u201cvoc\u00ea foi escolhido para o Corpo Docente\u201d Em 1999 senti uma forte vontade de fazer o Semin\u00e1rio Teol\u00f3gico, com o desejo apenas de aprofundar-me no conhecimento da Palavra de Deus. Em 2002, quando fazia o \u00faltimo semestre do Semin\u00e1rio, e atrav\u00e9s das aulas de Exegese do Antigo Testamento, iniciei, inspirado por Deus, tendo como base o texto de G\u00eanesis 1: 26, as primeiras reflex\u00f5es que redundaram, ap\u00f3s 3 [tr\u00eas] anos, de muita inspira\u00e7\u00e3o, esfor\u00e7o, pesquisa, e estudo, no Livro: Assuntos Pol\u00eamicos da B\u00edblia. Aos primeiros escritos dei o t\u00edtulo \u2013 NO PRINC\u00cdPIO DEUS E ANTIDEUS \u2013 UMA REFLEX\u00c3O \u2013 por entender que existe um Dualismo do Bom e do Mau, em forma de Elementos B\u00e1sicos, de forma transcendental e enigm\u00e1tica, desde a Eternidade, conforme explica o Livro. Com o aprofundamento e amplia\u00e7\u00e3o do estudo, troquei o t\u00edtulo para Assuntos Pol\u00eamicos da B\u00edblia, por sugest\u00e3o de um amigo. Os primeiros escritos tinham 84 p\u00e1ginas, e eu estava euf\u00f3rico por ter conseguido abordar assuntos t\u00e3o profundos. Chamou-me a aten\u00e7\u00e3o o fato de que foram chegando informa\u00e7\u00f5es \u00e0s minhas m\u00e3os valios\u00edssimas e fundamentais para desenvolver os assuntos e as reflex\u00f5es. Quanto mais eu era desacreditado, mais eu recebia informa\u00e7\u00f5es e inspira\u00e7\u00e3o. As informa\u00e7\u00f5es chegavam por Jornais, Revistas, Livros, e atrav\u00e9s de Mensagens dos Pregadores que ouvia na Igreja e nos meios de Comunica\u00e7\u00e3o, \u00e0 medida que estudava a B\u00edblia e escrevia os assuntos pertinentes. Quando pensava que j\u00e1 n\u00e3o tinha mais o que escrever ou abordar, ou capacidade para aprofundar os assuntos, inesperadamente era envolvido por forte inspira\u00e7\u00e3o, e desta forma o conte\u00fado do Livro foi aumentando e se encontra com quase o dobro do n\u00famero de p\u00e1ginas iniciais. Quando havia preparado um panfleto para divulga\u00e7\u00e3o do Livro com o titulo: CORREM O RISCO\u2026 e resolvi distribu\u00ed-lo, pedi a Deus um sinal sobrenatural. Este Sinal Sobrenatural eu recebi e transcrevo a seguir no T\u00f3pico: \u201cO Folheto e o Livro\u201d O que mais me preocupa \u00e9 o fato de que o tempo da Igreja est\u00e1 terminando e isto n\u00e3o est\u00e1 sendo levado na devida import\u00e2ncia. Deus est\u00e1 usando da Sua Miseric\u00f3rdia, em mostrar das mais variadas formas, que o Seu Ju\u00edzo sobre a Humanidade n\u00e3o demora, ou melhor, n\u00e3o pode mais demorar, em face do estado decadente das Na\u00e7\u00f5es, dos Governos, dos Povos, da Moral, da \u00c9tica \u2013 \u201cassim como foi nos dias de No\u00e9\u2026\u201d [Mateus 24: 37]. Algu\u00e9m tem d\u00favida sobre isso ? N\u00e3o tenho d\u00favidas e nem receio em afirmar que Deus, pela Sua Infinita Gra\u00e7a e Miseric\u00f3rdia comissionou-me para anunciar, algumas verdades ocultas conforme Deuteron\u00f4mio 29: 29. A Teologia \u00e9 a ci\u00eancia dos enigmas de Deus. A Teologia \u00e9 uma ci\u00eancia, e a B\u00edblia \u00e9 o Livro Teol\u00f3gico que cont\u00e9m toda a verdade, por\u00e9m encoberta por enigmas, e revelados a seu tempo por Deus. A Ci\u00eancia ajuda a confirmar a Teologia, como \u00e9 o caso da origem da esp\u00e9cie humana, j\u00e1 que todos os C\u00edrculos Cient\u00edficos Modernos afirmam que todos os seres humanos vivos s\u00e3o oriundos de uma \u00fanica esp\u00e9cie, independente de ra\u00e7a \u2013 um macho e uma f\u00eamea. (ver A Origem das Ra\u00e7as \u2013 P\u00e1gina 76 ) Entretanto a Teologia confunde a Ci\u00eancia, ao afirmar que a f\u00eamea [Eva] foi criada a partir de uma costela do macho [Ad\u00e3o] Quer saber mais ? Leia Os Artigos e o Livro Assuntos Pol\u00eamicos da B\u00edblia. O FOLHETO E O LIVRO Durante aproximadamente 30 anos procurei respostas sobre os assuntos enigm\u00e1ticos da B\u00edblia, tais como: A Origem de Deus e a Origem do Mau Cronologia da Cria\u00e7\u00e3o Per\u00edodo de Tempo de Ad\u00e3o e Eva no \u00c9den Filhos de Ad\u00e3o e Eva no \u00c9den Origem das Ra\u00e7as Origem da Alma e do Esp\u00edrito Os Dinossauros e a B\u00edblia E tantos outros\u2026 Em 1998 eu tive um sonho em que um homem apareceu na minha vis\u00e3o e disse : \u201cvoc\u00ea foi escolhido para o Corpo Docente\u201d Eu sempre fui um freq\u00fcentador ass\u00edduo da Escola Dominical. Em 1999 senti um forte desejo de fazer o Semin\u00e1rio Teol\u00f3gico com o objetivo \u00fanico de aprender mais, j\u00e1 que tinha a noite dispon\u00edvel para freq\u00fcentar o Curso. No \u00faltimo semestre do Semin\u00e1rio em 2002, comecei atrav\u00e9s da aula de Exegese do Antigo Testamento, a aprofundar-me de forma inspirativa, no vers\u00edculo de G\u00eanesis 1: 26. J\u00e1 no final do Semestre e do Curso tinha um grande material de estudo, aprofundado, estendido e contextualizado com outros assuntos da B\u00edblia. Quando eu pensava que n\u00e3o tinha mais inspira\u00e7\u00e3o ou j\u00e1 tinha esgotada a minha capacidade de abordagem, surgiam fatos e informa\u00e7\u00f5es, tanto do que ouvia, ou, lia na B\u00edblia, e, em Livros e meios de Comunica\u00e7\u00f5es, que me inspiravam continuamente. Desta forma cheguei ao Livro atual, e, a diversos outros Artigos postados na Internet, e no meu Site. Quando terminei o Livro senti a necessidade de fazer um Folheto de divulga\u00e7\u00e3o. Com os Folhetos prontos, no dia 09 de janeiro de 2005, \u00e0s 19 horas, fiz uma ora\u00e7\u00e3o, enquanto me dirigia, de carro, para uma Regi\u00e3o da Barra da Tijuca, pedindo a Deus que me respondesse, com um Sinal Sobrenatural, se aquilo tudo que eu estava fazendo tinha a Sua aprova\u00e7\u00e3o. Esta Ora\u00e7\u00e3o\" \/>\n<meta property=\"og:url\" content=\"https:\/\/assuntospolemicosdabiblia.com\/blog\/o-autor\/\" \/>\n<meta property=\"og:site_name\" content=\"Assuntos Pol\u00eamicos da B\u00edblia\" \/>\n<meta property=\"article:modified_time\" content=\"2025-04-22T13:15:01+00:00\" \/>\n<meta name=\"twitter:card\" content=\"summary_large_image\" \/>\n<meta name=\"twitter:label1\" content=\"Est. tempo de leitura\" \/>\n\t<meta name=\"twitter:data1\" content=\"17 minutos\" \/>\n<script type=\"application\/ld+json\" class=\"yoast-schema-graph\">{\"@context\":\"https:\\\/\\\/schema.org\",\"@graph\":[{\"@type\":\"WebPage\",\"@id\":\"https:\\\/\\\/assuntospolemicosdabiblia.com\\\/blog\\\/o-autor\\\/\",\"url\":\"https:\\\/\\\/assuntospolemicosdabiblia.com\\\/blog\\\/o-autor\\\/\",\"name\":\"O Autor - Assuntos Pol\u00eamicos da B\u00edblia\",\"isPartOf\":{\"@id\":\"https:\\\/\\\/assuntospolemicosdabiblia.com\\\/blog\\\/#website\"},\"datePublished\":\"2025-04-17T20:27:42+00:00\",\"dateModified\":\"2025-04-22T13:15:01+00:00\",\"breadcrumb\":{\"@id\":\"https:\\\/\\\/assuntospolemicosdabiblia.com\\\/blog\\\/o-autor\\\/#breadcrumb\"},\"inLanguage\":\"pt-BR\",\"potentialAction\":[{\"@type\":\"ReadAction\",\"target\":[\"https:\\\/\\\/assuntospolemicosdabiblia.com\\\/blog\\\/o-autor\\\/\"]}]},{\"@type\":\"BreadcrumbList\",\"@id\":\"https:\\\/\\\/assuntospolemicosdabiblia.com\\\/blog\\\/o-autor\\\/#breadcrumb\",\"itemListElement\":[{\"@type\":\"ListItem\",\"position\":1,\"name\":\"In\u00edcio\",\"item\":\"https:\\\/\\\/assuntospolemicosdabiblia.com\\\/blog\\\/\"},{\"@type\":\"ListItem\",\"position\":2,\"name\":\"O Autor\"}]},{\"@type\":\"WebSite\",\"@id\":\"https:\\\/\\\/assuntospolemicosdabiblia.com\\\/blog\\\/#website\",\"url\":\"https:\\\/\\\/assuntospolemicosdabiblia.com\\\/blog\\\/\",\"name\":\"Assuntos Pol\u00eamicos da B\u00edblia\",\"description\":\"Conhecereis a Verdade e a Verdade vos Libertar\u00e1\",\"potentialAction\":[{\"@type\":\"SearchAction\",\"target\":{\"@type\":\"EntryPoint\",\"urlTemplate\":\"https:\\\/\\\/assuntospolemicosdabiblia.com\\\/blog\\\/?s={search_term_string}\"},\"query-input\":{\"@type\":\"PropertyValueSpecification\",\"valueRequired\":true,\"valueName\":\"search_term_string\"}}],\"inLanguage\":\"pt-BR\"}]}<\/script>\n<!-- \/ Yoast SEO plugin. -->","yoast_head_json":{"title":"O Autor - Assuntos Pol\u00eamicos da B\u00edblia","robots":{"index":"index","follow":"follow","max-snippet":"max-snippet:-1","max-image-preview":"max-image-preview:large","max-video-preview":"max-video-preview:-1"},"canonical":"https:\/\/assuntospolemicosdabiblia.com\/blog\/o-autor\/","og_locale":"pt_BR","og_type":"article","og_title":"O Autor - Assuntos Pol\u00eamicos da B\u00edblia","og_description":"O Autor APRESENTA\u00c7\u00c3O Onir Francisco Damas,\u00a0 Oficial do Ex\u00e9rcito (R\/1); Formado em Engenharia pela CEFET \u2013 RJ; Bacharel em Teologia; Poeta e autor do livro \u201cQuanto Tempo Eu Perdi\u201d, uma reflex\u00e3o da Palavra de Deus em forma de versos; Casado e Pai de tr\u00eas filhos. Como todo ser humano que acredita num Criador, ap\u00f3s longo estudo das Escrituras Sagradas (B\u00edblia) e buscando respostas para o seu Esp\u00edrito sobre a origem de todas as coisas, formulou um mini-tratado Teol\u00f3gico em que presta um relat\u00f3rio de suas descobertas, como ponto de partida para maiores aprofundamentos, ou refuta\u00e7\u00e3o fundamentada. Em face da impress\u00e3o externada por parte de quem j\u00e1 leu o Livro, ao afirmar que se sentiu fortalecido na f\u00e9 em Deus e aben\u00e7oado, resolveu divulg\u00e1-lo atrav\u00e9s da internet. ESCOLHIDO PARA O CORPO DOCENTE Em 1998 eu tive o seguinte chamado, durante um sonho, quando um homem se dirigiu a mim: \u201cvoc\u00ea foi escolhido para o Corpo Docente\u201d Em 1999 senti uma forte vontade de fazer o Semin\u00e1rio Teol\u00f3gico, com o desejo apenas de aprofundar-me no conhecimento da Palavra de Deus. Em 2002, quando fazia o \u00faltimo semestre do Semin\u00e1rio, e atrav\u00e9s das aulas de Exegese do Antigo Testamento, iniciei, inspirado por Deus, tendo como base o texto de G\u00eanesis 1: 26, as primeiras reflex\u00f5es que redundaram, ap\u00f3s 3 [tr\u00eas] anos, de muita inspira\u00e7\u00e3o, esfor\u00e7o, pesquisa, e estudo, no Livro: Assuntos Pol\u00eamicos da B\u00edblia. Aos primeiros escritos dei o t\u00edtulo \u2013 NO PRINC\u00cdPIO DEUS E ANTIDEUS \u2013 UMA REFLEX\u00c3O \u2013 por entender que existe um Dualismo do Bom e do Mau, em forma de Elementos B\u00e1sicos, de forma transcendental e enigm\u00e1tica, desde a Eternidade, conforme explica o Livro. Com o aprofundamento e amplia\u00e7\u00e3o do estudo, troquei o t\u00edtulo para Assuntos Pol\u00eamicos da B\u00edblia, por sugest\u00e3o de um amigo. Os primeiros escritos tinham 84 p\u00e1ginas, e eu estava euf\u00f3rico por ter conseguido abordar assuntos t\u00e3o profundos. Chamou-me a aten\u00e7\u00e3o o fato de que foram chegando informa\u00e7\u00f5es \u00e0s minhas m\u00e3os valios\u00edssimas e fundamentais para desenvolver os assuntos e as reflex\u00f5es. Quanto mais eu era desacreditado, mais eu recebia informa\u00e7\u00f5es e inspira\u00e7\u00e3o. As informa\u00e7\u00f5es chegavam por Jornais, Revistas, Livros, e atrav\u00e9s de Mensagens dos Pregadores que ouvia na Igreja e nos meios de Comunica\u00e7\u00e3o, \u00e0 medida que estudava a B\u00edblia e escrevia os assuntos pertinentes. Quando pensava que j\u00e1 n\u00e3o tinha mais o que escrever ou abordar, ou capacidade para aprofundar os assuntos, inesperadamente era envolvido por forte inspira\u00e7\u00e3o, e desta forma o conte\u00fado do Livro foi aumentando e se encontra com quase o dobro do n\u00famero de p\u00e1ginas iniciais. Quando havia preparado um panfleto para divulga\u00e7\u00e3o do Livro com o titulo: CORREM O RISCO\u2026 e resolvi distribu\u00ed-lo, pedi a Deus um sinal sobrenatural. Este Sinal Sobrenatural eu recebi e transcrevo a seguir no T\u00f3pico: \u201cO Folheto e o Livro\u201d O que mais me preocupa \u00e9 o fato de que o tempo da Igreja est\u00e1 terminando e isto n\u00e3o est\u00e1 sendo levado na devida import\u00e2ncia. Deus est\u00e1 usando da Sua Miseric\u00f3rdia, em mostrar das mais variadas formas, que o Seu Ju\u00edzo sobre a Humanidade n\u00e3o demora, ou melhor, n\u00e3o pode mais demorar, em face do estado decadente das Na\u00e7\u00f5es, dos Governos, dos Povos, da Moral, da \u00c9tica \u2013 \u201cassim como foi nos dias de No\u00e9\u2026\u201d [Mateus 24: 37]. Algu\u00e9m tem d\u00favida sobre isso ? N\u00e3o tenho d\u00favidas e nem receio em afirmar que Deus, pela Sua Infinita Gra\u00e7a e Miseric\u00f3rdia comissionou-me para anunciar, algumas verdades ocultas conforme Deuteron\u00f4mio 29: 29. A Teologia \u00e9 a ci\u00eancia dos enigmas de Deus. A Teologia \u00e9 uma ci\u00eancia, e a B\u00edblia \u00e9 o Livro Teol\u00f3gico que cont\u00e9m toda a verdade, por\u00e9m encoberta por enigmas, e revelados a seu tempo por Deus. A Ci\u00eancia ajuda a confirmar a Teologia, como \u00e9 o caso da origem da esp\u00e9cie humana, j\u00e1 que todos os C\u00edrculos Cient\u00edficos Modernos afirmam que todos os seres humanos vivos s\u00e3o oriundos de uma \u00fanica esp\u00e9cie, independente de ra\u00e7a \u2013 um macho e uma f\u00eamea. (ver A Origem das Ra\u00e7as \u2013 P\u00e1gina 76 ) Entretanto a Teologia confunde a Ci\u00eancia, ao afirmar que a f\u00eamea [Eva] foi criada a partir de uma costela do macho [Ad\u00e3o] Quer saber mais ? Leia Os Artigos e o Livro Assuntos Pol\u00eamicos da B\u00edblia. O FOLHETO E O LIVRO Durante aproximadamente 30 anos procurei respostas sobre os assuntos enigm\u00e1ticos da B\u00edblia, tais como: A Origem de Deus e a Origem do Mau Cronologia da Cria\u00e7\u00e3o Per\u00edodo de Tempo de Ad\u00e3o e Eva no \u00c9den Filhos de Ad\u00e3o e Eva no \u00c9den Origem das Ra\u00e7as Origem da Alma e do Esp\u00edrito Os Dinossauros e a B\u00edblia E tantos outros\u2026 Em 1998 eu tive um sonho em que um homem apareceu na minha vis\u00e3o e disse : \u201cvoc\u00ea foi escolhido para o Corpo Docente\u201d Eu sempre fui um freq\u00fcentador ass\u00edduo da Escola Dominical. Em 1999 senti um forte desejo de fazer o Semin\u00e1rio Teol\u00f3gico com o objetivo \u00fanico de aprender mais, j\u00e1 que tinha a noite dispon\u00edvel para freq\u00fcentar o Curso. No \u00faltimo semestre do Semin\u00e1rio em 2002, comecei atrav\u00e9s da aula de Exegese do Antigo Testamento, a aprofundar-me de forma inspirativa, no vers\u00edculo de G\u00eanesis 1: 26. J\u00e1 no final do Semestre e do Curso tinha um grande material de estudo, aprofundado, estendido e contextualizado com outros assuntos da B\u00edblia. Quando eu pensava que n\u00e3o tinha mais inspira\u00e7\u00e3o ou j\u00e1 tinha esgotada a minha capacidade de abordagem, surgiam fatos e informa\u00e7\u00f5es, tanto do que ouvia, ou, lia na B\u00edblia, e, em Livros e meios de Comunica\u00e7\u00f5es, que me inspiravam continuamente. Desta forma cheguei ao Livro atual, e, a diversos outros Artigos postados na Internet, e no meu Site. Quando terminei o Livro senti a necessidade de fazer um Folheto de divulga\u00e7\u00e3o. Com os Folhetos prontos, no dia 09 de janeiro de 2005, \u00e0s 19 horas, fiz uma ora\u00e7\u00e3o, enquanto me dirigia, de carro, para uma Regi\u00e3o da Barra da Tijuca, pedindo a Deus que me respondesse, com um Sinal Sobrenatural, se aquilo tudo que eu estava fazendo tinha a Sua aprova\u00e7\u00e3o. Esta Ora\u00e7\u00e3o","og_url":"https:\/\/assuntospolemicosdabiblia.com\/blog\/o-autor\/","og_site_name":"Assuntos Pol\u00eamicos da B\u00edblia","article_modified_time":"2025-04-22T13:15:01+00:00","twitter_card":"summary_large_image","twitter_misc":{"Est. tempo de leitura":"17 minutos"},"schema":{"@context":"https:\/\/schema.org","@graph":[{"@type":"WebPage","@id":"https:\/\/assuntospolemicosdabiblia.com\/blog\/o-autor\/","url":"https:\/\/assuntospolemicosdabiblia.com\/blog\/o-autor\/","name":"O Autor - Assuntos Pol\u00eamicos da B\u00edblia","isPartOf":{"@id":"https:\/\/assuntospolemicosdabiblia.com\/blog\/#website"},"datePublished":"2025-04-17T20:27:42+00:00","dateModified":"2025-04-22T13:15:01+00:00","breadcrumb":{"@id":"https:\/\/assuntospolemicosdabiblia.com\/blog\/o-autor\/#breadcrumb"},"inLanguage":"pt-BR","potentialAction":[{"@type":"ReadAction","target":["https:\/\/assuntospolemicosdabiblia.com\/blog\/o-autor\/"]}]},{"@type":"BreadcrumbList","@id":"https:\/\/assuntospolemicosdabiblia.com\/blog\/o-autor\/#breadcrumb","itemListElement":[{"@type":"ListItem","position":1,"name":"In\u00edcio","item":"https:\/\/assuntospolemicosdabiblia.com\/blog\/"},{"@type":"ListItem","position":2,"name":"O Autor"}]},{"@type":"WebSite","@id":"https:\/\/assuntospolemicosdabiblia.com\/blog\/#website","url":"https:\/\/assuntospolemicosdabiblia.com\/blog\/","name":"Assuntos Pol\u00eamicos da B\u00edblia","description":"Conhecereis a Verdade e a Verdade vos Libertar\u00e1","potentialAction":[{"@type":"SearchAction","target":{"@type":"EntryPoint","urlTemplate":"https:\/\/assuntospolemicosdabiblia.com\/blog\/?s={search_term_string}"},"query-input":{"@type":"PropertyValueSpecification","valueRequired":true,"valueName":"search_term_string"}}],"inLanguage":"pt-BR"}]}},"_links":{"self":[{"href":"https:\/\/assuntospolemicosdabiblia.com\/blog\/wp-json\/wp\/v2\/pages\/17400","targetHints":{"allow":["GET"]}}],"collection":[{"href":"https:\/\/assuntospolemicosdabiblia.com\/blog\/wp-json\/wp\/v2\/pages"}],"about":[{"href":"https:\/\/assuntospolemicosdabiblia.com\/blog\/wp-json\/wp\/v2\/types\/page"}],"author":[{"embeddable":true,"href":"https:\/\/assuntospolemicosdabiblia.com\/blog\/wp-json\/wp\/v2\/users\/1"}],"replies":[{"embeddable":true,"href":"https:\/\/assuntospolemicosdabiblia.com\/blog\/wp-json\/wp\/v2\/comments?post=17400"}],"version-history":[{"count":11,"href":"https:\/\/assuntospolemicosdabiblia.com\/blog\/wp-json\/wp\/v2\/pages\/17400\/revisions"}],"predecessor-version":[{"id":17660,"href":"https:\/\/assuntospolemicosdabiblia.com\/blog\/wp-json\/wp\/v2\/pages\/17400\/revisions\/17660"}],"wp:attachment":[{"href":"https:\/\/assuntospolemicosdabiblia.com\/blog\/wp-json\/wp\/v2\/media?parent=17400"}],"curies":[{"name":"wp","href":"https:\/\/api.w.org\/{rel}","templated":true}]}}